{"id":2681,"date":"2025-02-11T18:04:42","date_gmt":"2025-02-11T17:04:42","guid":{"rendered":"https:\/\/acs-avtomobili.si\/rent-a-car\/"},"modified":"2025-05-19T07:51:42","modified_gmt":"2025-05-19T06:51:42","slug":"rent-a-car","status":"publish","type":"page","link":"https:\/\/acs-avtomobili.si\/hr\/rent-a-car\/","title":{"rendered":"Rent-A-Car"},"content":{"rendered":"\t\t<div data-elementor-type=\"wp-page\" data-elementor-id=\"2681\" class=\"elementor elementor-2681 elementor-975\" data-elementor-post-type=\"page\">\n\t\t\t\t<div class=\"elementor-element elementor-element-6843894 e-flex e-con-boxed e-con e-parent\" data-id=\"6843894\" data-element_type=\"container\">\n\t\t\t\t\t<div class=\"e-con-inner\">\n\t\t<div class=\"elementor-element elementor-element-44b6539 e-con-full e-flex e-con e-child\" data-id=\"44b6539\" data-element_type=\"container\">\n\t\t<div class=\"elementor-element elementor-element-d7cc46a e-con-full e-flex e-con e-child\" data-id=\"d7cc46a\" data-element_type=\"container\">\n\t\t\t\t<div class=\"elementor-element elementor-element-43e4ff3 elementor-widget elementor-widget-heading\" data-id=\"43e4ff3\" data-element_type=\"widget\" data-widget_type=\"heading.default\">\n\t\t\t\t<div class=\"elementor-widget-container\">\n\t\t\t\t\t<h1 class=\"elementor-heading-title elementor-size-default\">Najam automobila<\/h1>\t\t\t\t<\/div>\n\t\t\t\t<\/div>\n\t\t\t\t<div class=\"elementor-element elementor-element-e173503 elementor-widget elementor-widget-text-editor\" data-id=\"e173503\" data-element_type=\"widget\" data-widget_type=\"text-editor.default\">\n\t\t\t\t<div class=\"elementor-widget-container\">\n\t\t\t\t\t\t\t\t\t<p>Imamo \u0161irok izbor vozila za sve potrebe &#8211; od osobnih automobila do dostavnih vozila. Na\u0161a vozila su redovito odr\u017eavana i spremna pru\u017eiti vam udobnu i bezbri\u017enu vo\u017enju. Trebate li vozilo za poslovne ili osobne svrhe, tu smo da vam pomognemo. Rezervacija je brza i jednostavna, s mogu\u0107no\u0161\u0107u prilagodbe va\u0161im zahtjevima.   <\/p><p>Za dodatne informacije ili <strong>rezervaciju, molimo kontaktirajte nas na:<br><\/strong> <strong><a href=\"http:\/\/+386%2041%20623%20850\" target=\"_blank\" rel=\"noopener\"><span style=\"color: #5787c2; font-size: 24px;\">+386 41 623 850<\/span><\/a><\/strong><\/p>\t\t\t\t\t\t\t\t<\/div>\n\t\t\t\t<\/div>\n\t\t\t\t<\/div>\n\t\t\t\t<\/div>\n\t\t\t\t\t<\/div>\n\t\t\t\t<\/div>\n\t\t<div class=\"elementor-element elementor-element-f234ae0 e-flex e-con-boxed e-con e-parent\" data-id=\"f234ae0\" data-element_type=\"container\">\n\t\t\t\t\t<div class=\"e-con-inner\">\n\t\t<div class=\"elementor-element elementor-element-c71ac02 e-con-full e-flex e-con e-child\" data-id=\"c71ac02\" data-element_type=\"container\">\n\t\t<div class=\"elementor-element elementor-element-e8ed67b e-con-full e-grid e-con e-child\" data-id=\"e8ed67b\" data-element_type=\"container\">\n\t\t<div class=\"elementor-element elementor-element-59cbfe1 e-con-full e-flex e-con e-child\" data-id=\"59cbfe1\" data-element_type=\"container\">\n\t\t\t\t<div class=\"elementor-element elementor-element-c675b45 elementor-widget elementor-widget-image\" data-id=\"c675b45\" data-element_type=\"widget\" data-widget_type=\"image.default\">\n\t\t\t\t<div class=\"elementor-widget-container\">\n\t\t\t\t\t\t\t\t\t\t\t\t\t\t\t<img fetchpriority=\"high\" decoding=\"async\" width=\"343\" height=\"257\" src=\"https:\/\/acs-avtomobili.si\/wp-content\/uploads\/2025\/02\/Renault-Kngoo.webp\" class=\"attachment-large size-large wp-image-2688\" alt=\"\" srcset=\"https:\/\/acs-avtomobili.si\/wp-content\/uploads\/2025\/02\/Renault-Kngoo.webp 343w, https:\/\/acs-avtomobili.si\/wp-content\/uploads\/2025\/02\/Renault-Kngoo-300x225.webp 300w\" sizes=\"(max-width: 343px) 100vw, 343px\" \/>\t\t\t\t\t\t\t\t\t\t\t\t\t\t\t<\/div>\n\t\t\t\t<\/div>\n\t\t<div class=\"elementor-element elementor-element-78b6f35 e-con-full e-flex e-con e-child\" data-id=\"78b6f35\" data-element_type=\"container\">\n\t\t\t\t<div class=\"elementor-element elementor-element-4d16517 elementor-widget elementor-widget-heading\" data-id=\"4d16517\" data-element_type=\"widget\" data-widget_type=\"heading.default\">\n\t\t\t\t<div class=\"elementor-widget-container\">\n\t\t\t\t\t<h2 class=\"elementor-heading-title elementor-size-default\">RENAULT KANGOO MAXI 1.5 dci 2013.<\/h2>\t\t\t\t<\/div>\n\t\t\t\t<\/div>\n\t\t\t\t<div class=\"elementor-element elementor-element-027dc75 elementor-widget elementor-widget-heading\" data-id=\"027dc75\" data-element_type=\"widget\" data-widget_type=\"heading.default\">\n\t\t\t\t<div class=\"elementor-widget-container\">\n\t\t\t\t\t<h2 class=\"elementor-heading-title elementor-size-default\">cijena po dogovoru<\/h2>\t\t\t\t<\/div>\n\t\t\t\t<\/div>\n\t\t\t\t<div class=\"elementor-element elementor-element-e62d6e2 elementor-widget elementor-widget-text-editor\" data-id=\"e62d6e2\" data-element_type=\"widget\" data-widget_type=\"text-editor.default\">\n\t\t\t\t<div class=\"elementor-widget-container\">\n\t\t\t\t\t\t\t\t\t<p>5 sjedala + prtlja\u017eni prostor<\/p>\t\t\t\t\t\t\t\t<\/div>\n\t\t\t\t<\/div>\n\t\t\t\t<\/div>\n\t\t\t\t<\/div>\n\t\t<div class=\"elementor-element elementor-element-dbf8ed0 e-con-full e-flex e-con e-child\" data-id=\"dbf8ed0\" data-element_type=\"container\">\n\t\t\t\t<div class=\"elementor-element elementor-element-d9504cd elementor-widget elementor-widget-image\" data-id=\"d9504cd\" data-element_type=\"widget\" data-widget_type=\"image.default\">\n\t\t\t\t<div class=\"elementor-widget-container\">\n\t\t\t\t\t\t\t\t\t\t\t\t\t\t\t<img decoding=\"async\" width=\"343\" height=\"257\" src=\"https:\/\/acs-avtomobili.si\/wp-content\/uploads\/2025\/02\/Renault-master.webp\" class=\"attachment-large size-large wp-image-2689\" alt=\"\" srcset=\"https:\/\/acs-avtomobili.si\/wp-content\/uploads\/2025\/02\/Renault-master.webp 343w, https:\/\/acs-avtomobili.si\/wp-content\/uploads\/2025\/02\/Renault-master-300x225.webp 300w\" sizes=\"(max-width: 343px) 100vw, 343px\" \/>\t\t\t\t\t\t\t\t\t\t\t\t\t\t\t<\/div>\n\t\t\t\t<\/div>\n\t\t<div class=\"elementor-element elementor-element-a35b3d4 e-con-full e-flex e-con e-child\" data-id=\"a35b3d4\" data-element_type=\"container\">\n\t\t\t\t<div class=\"elementor-element elementor-element-bdba858 elementor-widget elementor-widget-heading\" data-id=\"bdba858\" data-element_type=\"widget\" data-widget_type=\"heading.default\">\n\t\t\t\t<div class=\"elementor-widget-container\">\n\t\t\t\t\t<h2 class=\"elementor-heading-title elementor-size-default\">RENAULT MASTER L3H2 2.3 DCI 2018<\/h2>\t\t\t\t<\/div>\n\t\t\t\t<\/div>\n\t\t\t\t<div class=\"elementor-element elementor-element-4beb2c1 elementor-widget elementor-widget-heading\" data-id=\"4beb2c1\" data-element_type=\"widget\" data-widget_type=\"heading.default\">\n\t\t\t\t<div class=\"elementor-widget-container\">\n\t\t\t\t\t<h2 class=\"elementor-heading-title elementor-size-default\">cijena po dogovoru<\/h2>\t\t\t\t<\/div>\n\t\t\t\t<\/div>\n\t\t\t\t<div class=\"elementor-element elementor-element-8c28d72 elementor-widget elementor-widget-text-editor\" data-id=\"8c28d72\" data-element_type=\"widget\" data-widget_type=\"text-editor.default\">\n\t\t\t\t<div class=\"elementor-widget-container\">\n\t\t\t\t\t\t\t\t\t<p>Vozilo ima Euro kuku<\/p>\t\t\t\t\t\t\t\t<\/div>\n\t\t\t\t<\/div>\n\t\t\t\t<\/div>\n\t\t\t\t<\/div>\n\t\t<div class=\"elementor-element elementor-element-3e23421 e-con-full e-flex e-con e-child\" data-id=\"3e23421\" data-element_type=\"container\">\n\t\t\t\t<div class=\"elementor-element elementor-element-c397708 elementor-widget elementor-widget-image\" data-id=\"c397708\" data-element_type=\"widget\" data-widget_type=\"image.default\">\n\t\t\t\t<div class=\"elementor-widget-container\">\n\t\t\t\t\t\t\t\t\t\t\t\t\t\t\t<img decoding=\"async\" width=\"343\" height=\"257\" src=\"https:\/\/acs-avtomobili.si\/wp-content\/uploads\/2025\/02\/Prikolica-Fitzer.webp\" class=\"attachment-large size-large wp-image-2691\" alt=\"\" srcset=\"https:\/\/acs-avtomobili.si\/wp-content\/uploads\/2025\/02\/Prikolica-Fitzer.webp 343w, https:\/\/acs-avtomobili.si\/wp-content\/uploads\/2025\/02\/Prikolica-Fitzer-300x225.webp 300w\" sizes=\"(max-width: 343px) 100vw, 343px\" \/>\t\t\t\t\t\t\t\t\t\t\t\t\t\t\t<\/div>\n\t\t\t\t<\/div>\n\t\t<div class=\"elementor-element elementor-element-3e8b418 e-con-full e-flex e-con e-child\" data-id=\"3e8b418\" data-element_type=\"container\">\n\t\t\t\t<div class=\"elementor-element elementor-element-018751f elementor-widget elementor-widget-heading\" data-id=\"018751f\" data-element_type=\"widget\" data-widget_type=\"heading.default\">\n\t\t\t\t<div class=\"elementor-widget-container\">\n\t\t\t\t\t<h2 class=\"elementor-heading-title elementor-size-default\">FITZELOV TRAILER<br> 3200 EURA<\/h2>\t\t\t\t<\/div>\n\t\t\t\t<\/div>\n\t\t\t\t<div class=\"elementor-element elementor-element-67fdb10 elementor-widget elementor-widget-heading\" data-id=\"67fdb10\" data-element_type=\"widget\" data-widget_type=\"heading.default\">\n\t\t\t\t<div class=\"elementor-widget-container\">\n\t\t\t\t\t<h2 class=\"elementor-heading-title elementor-size-default\">cijena po dogovoru<\/h2>\t\t\t\t<\/div>\n\t\t\t\t<\/div>\n\t\t\t\t<div class=\"elementor-element elementor-element-3964c80 elementor-widget elementor-widget-text-editor\" data-id=\"3964c80\" data-element_type=\"widget\" data-widget_type=\"text-editor.default\">\n\t\t\t\t<div class=\"elementor-widget-container\">\n\t\t\t\t\t\t\t\t\t<p>Nosivost 3200 kg, prikolica ima elektri\u010dno vitlo.<\/p>\t\t\t\t\t\t\t\t<\/div>\n\t\t\t\t<\/div>\n\t\t\t\t<\/div>\n\t\t\t\t<\/div>\n\t\t<div class=\"elementor-element elementor-element-14e4bbb e-con-full e-flex e-con e-child\" data-id=\"14e4bbb\" data-element_type=\"container\">\n\t\t\t\t<div class=\"elementor-element elementor-element-2149998 elementor-widget elementor-widget-image\" data-id=\"2149998\" data-element_type=\"widget\" data-widget_type=\"image.default\">\n\t\t\t\t<div class=\"elementor-widget-container\">\n\t\t\t\t\t\t\t\t\t\t\t\t\t\t\t<img loading=\"lazy\" decoding=\"async\" width=\"343\" height=\"257\" src=\"https:\/\/acs-avtomobili.si\/wp-content\/uploads\/2025\/02\/Ford-Galaxy.webp\" class=\"attachment-large size-large wp-image-2692\" alt=\"\" srcset=\"https:\/\/acs-avtomobili.si\/wp-content\/uploads\/2025\/02\/Ford-Galaxy.webp 343w, https:\/\/acs-avtomobili.si\/wp-content\/uploads\/2025\/02\/Ford-Galaxy-300x225.webp 300w\" sizes=\"(max-width: 343px) 100vw, 343px\" \/>\t\t\t\t\t\t\t\t\t\t\t\t\t\t\t<\/div>\n\t\t\t\t<\/div>\n\t\t<div class=\"elementor-element elementor-element-b6aaf70 e-con-full e-flex e-con e-child\" data-id=\"b6aaf70\" data-element_type=\"container\">\n\t\t\t\t<div class=\"elementor-element elementor-element-7dbd97d elementor-widget elementor-widget-heading\" data-id=\"7dbd97d\" data-element_type=\"widget\" data-widget_type=\"heading.default\">\n\t\t\t\t<div class=\"elementor-widget-container\">\n\t\t\t\t\t<h2 class=\"elementor-heading-title elementor-size-default\">FORD GALAXY 2.0 TDCI<br> 2017.<\/h2>\t\t\t\t<\/div>\n\t\t\t\t<\/div>\n\t\t\t\t<div class=\"elementor-element elementor-element-a995167 elementor-widget elementor-widget-heading\" data-id=\"a995167\" data-element_type=\"widget\" data-widget_type=\"heading.default\">\n\t\t\t\t<div class=\"elementor-widget-container\">\n\t\t\t\t\t<h2 class=\"elementor-heading-title elementor-size-default\">cijena po dogovoru<\/h2>\t\t\t\t<\/div>\n\t\t\t\t<\/div>\n\t\t\t\t<div class=\"elementor-element elementor-element-691adb4 elementor-widget elementor-widget-text-editor\" data-id=\"691adb4\" data-element_type=\"widget\" data-widget_type=\"text-editor.default\">\n\t\t\t\t<div class=\"elementor-widget-container\">\n\t\t\t\t\t\t\t\t\t<p>7 sjedala<\/p>\t\t\t\t\t\t\t\t<\/div>\n\t\t\t\t<\/div>\n\t\t\t\t<\/div>\n\t\t\t\t<\/div>\n\t\t<div class=\"elementor-element elementor-element-00c10b3 e-con-full e-flex e-con e-child\" data-id=\"00c10b3\" data-element_type=\"container\">\n\t\t\t\t<div class=\"elementor-element elementor-element-4e9c6e1 elementor-widget elementor-widget-image\" data-id=\"4e9c6e1\" data-element_type=\"widget\" data-widget_type=\"image.default\">\n\t\t\t\t<div class=\"elementor-widget-container\">\n\t\t\t\t\t\t\t\t\t\t\t\t\t\t\t<img loading=\"lazy\" decoding=\"async\" width=\"768\" height=\"1024\" src=\"https:\/\/acs-avtomobili.si\/wp-content\/uploads\/2025\/03\/Hyundai-i20-768x1024.jpg\" class=\"attachment-large size-large wp-image-2693\" alt=\"\" srcset=\"https:\/\/acs-avtomobili.si\/wp-content\/uploads\/2025\/03\/Hyundai-i20-768x1024.jpg 768w, https:\/\/acs-avtomobili.si\/wp-content\/uploads\/2025\/03\/Hyundai-i20-225x300.jpg 225w, https:\/\/acs-avtomobili.si\/wp-content\/uploads\/2025\/03\/Hyundai-i20-1152x1536.jpg 1152w, https:\/\/acs-avtomobili.si\/wp-content\/uploads\/2025\/03\/Hyundai-i20-810x1080.jpg 810w, https:\/\/acs-avtomobili.si\/wp-content\/uploads\/2025\/03\/Hyundai-i20.jpg 1200w\" sizes=\"(max-width: 768px) 100vw, 768px\" \/>\t\t\t\t\t\t\t\t\t\t\t\t\t\t\t<\/div>\n\t\t\t\t<\/div>\n\t\t<div class=\"elementor-element elementor-element-515b583 e-con-full e-flex e-con e-child\" data-id=\"515b583\" data-element_type=\"container\">\n\t\t\t\t<div class=\"elementor-element elementor-element-0ad0742 elementor-widget elementor-widget-heading\" data-id=\"0ad0742\" data-element_type=\"widget\" data-widget_type=\"heading.default\">\n\t\t\t\t<div class=\"elementor-widget-container\">\n\t\t\t\t\t<h2 class=\"elementor-heading-title elementor-size-default\">Hyundai i20<\/h2>\t\t\t\t<\/div>\n\t\t\t\t<\/div>\n\t\t\t\t<div class=\"elementor-element elementor-element-7f6f6c4 elementor-widget elementor-widget-heading\" data-id=\"7f6f6c4\" data-element_type=\"widget\" data-widget_type=\"heading.default\">\n\t\t\t\t<div class=\"elementor-widget-container\">\n\t\t\t\t\t<h2 class=\"elementor-heading-title elementor-size-default\">cijena po dogovoru<\/h2>\t\t\t\t<\/div>\n\t\t\t\t<\/div>\n\t\t\t\t<div class=\"elementor-element elementor-element-e6046c7 elementor-widget elementor-widget-text-editor\" data-id=\"e6046c7\" data-element_type=\"widget\" data-widget_type=\"text-editor.default\">\n\t\t\t\t<div class=\"elementor-widget-container\">\n\t\t\t\t\t\t\t\t\t<p>5 sjedala<\/p>\t\t\t\t\t\t\t\t<\/div>\n\t\t\t\t<\/div>\n\t\t\t\t<\/div>\n\t\t\t\t<\/div>\n\t\t\t\t<\/div>\n\t\t\t\t<\/div>\n\t\t\t\t\t<\/div>\n\t\t\t\t<\/div>\n\t\t\t\t<\/div>\n\t\t","protected":false},"excerpt":{"rendered":"Najam automobila Imamo \u0161irok izbor vozila za sve potrebe &#8211; od osobnih automobila do dostavnih vozila. Na\u0161a vozila su redovito odr\u017eavana i spremna pru\u017eiti vam udobnu i bezbri\u017enu vo\u017enju. Trebate li vozilo za poslovne ili osobne svrhe, tu smo da vam pomognemo. Rezervacija je brza i jednostavna, s mogu\u0107no\u0161\u0107u prilagodbe va\u0161im zahtjevima. Za dodatne informacije&#8230; <a class=\"view-article\" href=\"https:\/\/acs-avtomobili.si\/hr\/rent-a-car\/\">View Article<\/a>","protected":false},"author":3,"featured_media":0,"parent":0,"menu_order":0,"comment_status":"closed","ping_status":"closed","template":"","meta":{"footnotes":""},"class_list":["post-2681","page","type-page","status-publish","hentry"],"_links":{"self":[{"href":"https:\/\/acs-avtomobili.si\/hr\/wp-json\/wp\/v2\/pages\/2681","targetHints":{"allow":["GET"]}}],"collection":[{"href":"https:\/\/acs-avtomobili.si\/hr\/wp-json\/wp\/v2\/pages"}],"about":[{"href":"https:\/\/acs-avtomobili.si\/hr\/wp-json\/wp\/v2\/types\/page"}],"author":[{"embeddable":true,"href":"https:\/\/acs-avtomobili.si\/hr\/wp-json\/wp\/v2\/users\/3"}],"replies":[{"embeddable":true,"href":"https:\/\/acs-avtomobili.si\/hr\/wp-json\/wp\/v2\/comments?post=2681"}],"version-history":[{"count":1,"href":"https:\/\/acs-avtomobili.si\/hr\/wp-json\/wp\/v2\/pages\/2681\/revisions"}],"predecessor-version":[{"id":2694,"href":"https:\/\/acs-avtomobili.si\/hr\/wp-json\/wp\/v2\/pages\/2681\/revisions\/2694"}],"wp:attachment":[{"href":"https:\/\/acs-avtomobili.si\/hr\/wp-json\/wp\/v2\/media?parent=2681"}],"curies":[{"name":"wp","href":"https:\/\/api.w.org\/{rel}","templated":true}]}}